{"id":9288,"date":"2023-01-21T11:03:03","date_gmt":"2023-01-21T10:03:03","guid":{"rendered":"https:\/\/www.bruzelle.be\/?page_id=9288"},"modified":"2025-08-25T15:57:46","modified_gmt":"2025-08-25T13:57:46","slug":"regles-de-3-jeunesse","status":"publish","type":"page","link":"https:\/\/www.bruzelle.be\/fr\/regles-de-3-2\/regles-de-3-jeunesse\/","title":{"rendered":"R\u00e8gles de 3 \u00ab\u00a0Jeunesse\u00a0\u00bb"},"content":{"rendered":"\t\t<div data-elementor-type=\"wp-page\" data-elementor-id=\"9288\" class=\"elementor elementor-9288\">\n\t\t\t\t\t\t<section class=\"elementor-section elementor-top-section elementor-element elementor-element-4d068ade elementor-section-full_width elementor-section-height-min-height elementor-section-stretched elementor-section-height-default elementor-section-items-middle\" data-id=\"4d068ade\" data-element_type=\"section\" data-settings=\"{&quot;stretch_section&quot;:&quot;section-stretched&quot;,&quot;jet_parallax_layout_list&quot;:[],&quot;background_background&quot;:&quot;classic&quot;}\">\n\t\t\t\t\t\t<div class=\"elementor-container elementor-column-gap-default\">\n\t\t\t\t\t<div class=\"elementor-column elementor-col-100 elementor-top-column elementor-element elementor-element-b8cdca4\" data-id=\"b8cdca4\" data-element_type=\"column\">\n\t\t\t<div class=\"elementor-widget-wrap\">\n\t\t\t\t\t\t\t<\/div>\n\t\t<\/div>\n\t\t\t\t\t<\/div>\n\t\t<\/section>\n\t\t\t\t<section class=\"elementor-section elementor-top-section elementor-element elementor-element-0020243 elementor-section-boxed elementor-section-height-default elementor-section-height-default\" data-id=\"0020243\" data-element_type=\"section\" data-settings=\"{&quot;jet_parallax_layout_list&quot;:[]}\">\n\t\t\t\t\t\t<div class=\"elementor-container elementor-column-gap-default\">\n\t\t\t\t\t<div class=\"elementor-column elementor-col-100 elementor-top-column elementor-element elementor-element-5cad428\" data-id=\"5cad428\" data-element_type=\"column\">\n\t\t\t<div class=\"elementor-widget-wrap elementor-element-populated\">\n\t\t\t\t\t\t<div class=\"elementor-element elementor-element-3956350 elementor-widget elementor-widget-image\" data-id=\"3956350\" data-element_type=\"widget\" data-widget_type=\"image.default\">\n\t\t\t\t<div class=\"elementor-widget-container\">\n\t\t\t\t\t\t\t\t\t\t\t\t\t\t\t<img fetchpriority=\"high\" decoding=\"async\" width=\"600\" height=\"271\" src=\"https:\/\/www.bruzelle.be\/wp-content\/uploads\/2023\/03\/Logo-Regles-de-3.png\" class=\"attachment-full size-full wp-image-11555\" alt=\"\" srcset=\"https:\/\/www.bruzelle.be\/wp-content\/uploads\/2023\/03\/Logo-Regles-de-3.png 600w, https:\/\/www.bruzelle.be\/wp-content\/uploads\/2023\/03\/Logo-Regles-de-3-300x136.png 300w\" sizes=\"(max-width: 600px) 100vw, 600px\" \/>\t\t\t\t\t\t\t\t\t\t\t\t\t\t\t<\/div>\n\t\t\t\t<\/div>\n\t\t\t\t<div class=\"elementor-element elementor-element-30b5e82 elementor-widget elementor-widget-text-editor\" data-id=\"30b5e82\" data-element_type=\"widget\" data-widget_type=\"text-editor.default\">\n\t\t\t\t<div class=\"elementor-widget-container\">\n\t\t\t\t\t\t\t\t\t<p>Sensibilisation \u00e0 la sant\u00e9 et la s\u00e9curit\u00e9 menstruelles<\/p><p>\u00a0<\/p><p>Brisons le tabou autour des r\u00e8gles aupr\u00e8s des jeunes<\/p>\t\t\t\t\t\t\t\t<\/div>\n\t\t\t\t<\/div>\n\t\t\t\t\t<\/div>\n\t\t<\/div>\n\t\t\t\t\t<\/div>\n\t\t<\/section>\n\t\t\t\t<section class=\"elementor-section elementor-top-section elementor-element elementor-element-d029473 elementor-hidden-desktop elementor-hidden-tablet elementor-hidden-mobile elementor-section-boxed elementor-section-height-default elementor-section-height-default\" data-id=\"d029473\" data-element_type=\"section\" data-settings=\"{&quot;jet_parallax_layout_list&quot;:[]}\">\n\t\t\t\t\t\t<div class=\"elementor-container elementor-column-gap-default\">\n\t\t\t\t\t<div class=\"raven-column-link elementor-column elementor-col-33 elementor-top-column elementor-element elementor-element-f0acd61\" data-raven-link=\"#\" data-raven-link-target=\"_self\" data-id=\"f0acd61\" data-element_type=\"column\" data-settings=\"{&quot;background_background&quot;:&quot;classic&quot;}\">\n\t\t\t<div class=\"elementor-widget-wrap elementor-element-populated\">\n\t\t\t\t\t\t<div class=\"elementor-element elementor-element-51ce16e elementor-widget elementor-widget-image\" data-id=\"51ce16e\" data-element_type=\"widget\" data-widget_type=\"image.default\">\n\t\t\t\t<div class=\"elementor-widget-container\">\n\t\t\t\t\t\t\t\t\t\t\t\t\t\t\t<img decoding=\"async\" width=\"136\" height=\"100\" src=\"https:\/\/www.bruzelle.be\/wp-content\/uploads\/2023\/02\/Tampon-Back-136x100-1.png\" class=\"elementor-animation-pulse attachment-large size-large wp-image-9943\" alt=\"\" \/>\t\t\t\t\t\t\t\t\t\t\t\t\t\t\t<\/div>\n\t\t\t\t<\/div>\n\t\t\t\t<div class=\"elementor-element elementor-element-1ec8737 e-transform elementor-widget elementor-widget-icon-box\" data-id=\"1ec8737\" data-element_type=\"widget\" data-settings=\"{&quot;_transform_scale_effect_hover&quot;:{&quot;unit&quot;:&quot;px&quot;,&quot;size&quot;:0.9,&quot;sizes&quot;:[]},&quot;_transform_scale_effect_hover_tablet&quot;:{&quot;unit&quot;:&quot;px&quot;,&quot;size&quot;:&quot;&quot;,&quot;sizes&quot;:[]},&quot;_transform_scale_effect_hover_mobile&quot;:{&quot;unit&quot;:&quot;px&quot;,&quot;size&quot;:&quot;&quot;,&quot;sizes&quot;:[]}}\" data-widget_type=\"icon-box.default\">\n\t\t\t\t<div class=\"elementor-widget-container\">\n\t\t\t\t\t\t\t<div class=\"elementor-icon-box-wrapper\">\n\n\t\t\t\n\t\t\t\t\t\t<div class=\"elementor-icon-box-content\">\n\n\t\t\t\t\n\t\t\t\t\t\t\t\t\t<p class=\"elementor-icon-box-description\">\n\t\t\t\t\t\t\u2190 r\u00e8gles de 3\t\t\t\t\t<\/p>\n\t\t\t\t\n\t\t\t<\/div>\n\t\t\t\n\t\t<\/div>\n\t\t\t\t\t\t<\/div>\n\t\t\t\t<\/div>\n\t\t\t\t\t<\/div>\n\t\t<\/div>\n\t\t\t\t<div class=\"raven-column-link elementor-column elementor-col-33 elementor-top-column elementor-element elementor-element-1022feb\" data-raven-link=\"#\" data-raven-link-target=\"_self\" data-id=\"1022feb\" data-element_type=\"column\" data-settings=\"{&quot;background_background&quot;:&quot;classic&quot;}\">\n\t\t\t<div class=\"elementor-widget-wrap elementor-element-populated\">\n\t\t\t\t\t\t<div class=\"elementor-element elementor-element-741d26f elementor-widget elementor-widget-image\" data-id=\"741d26f\" data-element_type=\"widget\" data-widget_type=\"image.default\">\n\t\t\t\t<div class=\"elementor-widget-container\">\n\t\t\t\t\t\t\t\t\t\t\t\t\t\t\t<img decoding=\"async\" width=\"192\" height=\"100\" src=\"https:\/\/www.bruzelle.be\/wp-content\/uploads\/2023\/02\/Ute\u0301rus-192x100-2.png\" class=\"elementor-animation-pulse attachment-large size-large wp-image-10179\" alt=\"\" \/>\t\t\t\t\t\t\t\t\t\t\t\t\t\t\t<\/div>\n\t\t\t\t<\/div>\n\t\t\t\t<div class=\"elementor-element elementor-element-7411cc2 e-transform elementor-widget elementor-widget-icon-box\" data-id=\"7411cc2\" data-element_type=\"widget\" data-settings=\"{&quot;_transform_scale_effect_hover&quot;:{&quot;unit&quot;:&quot;px&quot;,&quot;size&quot;:0.9,&quot;sizes&quot;:[]},&quot;_transform_scale_effect_hover_tablet&quot;:{&quot;unit&quot;:&quot;px&quot;,&quot;size&quot;:&quot;&quot;,&quot;sizes&quot;:[]},&quot;_transform_scale_effect_hover_mobile&quot;:{&quot;unit&quot;:&quot;px&quot;,&quot;size&quot;:&quot;&quot;,&quot;sizes&quot;:[]}}\" data-widget_type=\"icon-box.default\">\n\t\t\t\t<div class=\"elementor-widget-container\">\n\t\t\t\t\t\t\t<div class=\"elementor-icon-box-wrapper\">\n\n\t\t\t\n\t\t\t\t\t\t<div class=\"elementor-icon-box-content\">\n\n\t\t\t\t\n\t\t\t\t\t\t\t\t\t<p class=\"elementor-icon-box-description\">\n\t\t\t\t\t\tpersonnes encadrantes\t\t\t\t\t<\/p>\n\t\t\t\t\n\t\t\t<\/div>\n\t\t\t\n\t\t<\/div>\n\t\t\t\t\t\t<\/div>\n\t\t\t\t<\/div>\n\t\t\t\t\t<\/div>\n\t\t<\/div>\n\t\t\t\t<div class=\"raven-column-link elementor-column elementor-col-33 elementor-top-column elementor-element elementor-element-6b732ad\" data-raven-link=\"#\" data-raven-link-target=\"_self\" data-id=\"6b732ad\" data-element_type=\"column\" data-settings=\"{&quot;background_background&quot;:&quot;classic&quot;}\">\n\t\t\t<div class=\"elementor-widget-wrap elementor-element-populated\">\n\t\t\t\t\t\t<div class=\"elementor-element elementor-element-85673d3 elementor-widget elementor-widget-image\" data-id=\"85673d3\" data-element_type=\"widget\" data-widget_type=\"image.default\">\n\t\t\t\t<div class=\"elementor-widget-container\">\n\t\t\t\t\t\t\t\t\t\t\t\t\t\t\t<img decoding=\"async\" width=\"192\" height=\"100\" src=\"https:\/\/www.bruzelle.be\/wp-content\/uploads\/2023\/02\/Ute\u0301rus-192x100-2.png\" class=\"elementor-animation-pulse attachment-large size-large wp-image-10179\" alt=\"\" \/>\t\t\t\t\t\t\t\t\t\t\t\t\t\t\t<\/div>\n\t\t\t\t<\/div>\n\t\t\t\t<div class=\"elementor-element elementor-element-52b4a17 e-transform elementor-widget elementor-widget-icon-box\" data-id=\"52b4a17\" data-element_type=\"widget\" data-settings=\"{&quot;_transform_scale_effect_hover&quot;:{&quot;unit&quot;:&quot;px&quot;,&quot;size&quot;:0.9,&quot;sizes&quot;:[]},&quot;_transform_scale_effect_hover_tablet&quot;:{&quot;unit&quot;:&quot;px&quot;,&quot;size&quot;:&quot;&quot;,&quot;sizes&quot;:[]},&quot;_transform_scale_effect_hover_mobile&quot;:{&quot;unit&quot;:&quot;px&quot;,&quot;size&quot;:&quot;&quot;,&quot;sizes&quot;:[]}}\" data-widget_type=\"icon-box.default\">\n\t\t\t\t<div class=\"elementor-widget-container\">\n\t\t\t\t\t\t\t<div class=\"elementor-icon-box-wrapper\">\n\n\t\t\t\n\t\t\t\t\t\t<div class=\"elementor-icon-box-content\">\n\n\t\t\t\t\n\t\t\t\t\t\t\t\t\t<p class=\"elementor-icon-box-description\">\n\t\t\t\t\t\tadultes\t\t\t\t\t<\/p>\n\t\t\t\t\n\t\t\t<\/div>\n\t\t\t\n\t\t<\/div>\n\t\t\t\t\t\t<\/div>\n\t\t\t\t<\/div>\n\t\t\t\t\t<\/div>\n\t\t<\/div>\n\t\t\t\t\t<\/div>\n\t\t<\/section>\n\t\t\t\t<section class=\"elementor-section elementor-top-section elementor-element elementor-element-6cd651c4 elementor-section-boxed elementor-section-height-default elementor-section-height-default\" data-id=\"6cd651c4\" data-element_type=\"section\" data-settings=\"{&quot;jet_parallax_layout_list&quot;:[]}\">\n\t\t\t\t\t\t<div class=\"elementor-container elementor-column-gap-default\">\n\t\t\t\t\t<div class=\"elementor-column elementor-col-100 elementor-top-column elementor-element elementor-element-3ee576b8\" data-id=\"3ee576b8\" data-element_type=\"column\">\n\t\t\t<div class=\"elementor-widget-wrap elementor-element-populated\">\n\t\t\t\t\t\t<div class=\"elementor-element elementor-element-0f12256 elementor-widget elementor-widget-heading\" data-id=\"0f12256\" data-element_type=\"widget\" data-widget_type=\"heading.default\">\n\t\t\t\t<div class=\"elementor-widget-container\">\n\t\t\t\t\t<h2 class=\"elementor-heading-title elementor-size-default\">constat<\/h2>\t\t\t\t<\/div>\n\t\t\t\t<\/div>\n\t\t\t\t<div class=\"elementor-element elementor-element-fd817f6 elementor-widget elementor-widget-text-editor\" data-id=\"fd817f6\" data-element_type=\"widget\" data-widget_type=\"text-editor.default\">\n\t\t\t\t<div class=\"elementor-widget-container\">\n\t\t\t\t\t\t\t\t\t<p style=\"text-align: justify;\">La m\u00e9narche est la p\u00e9riode des premi\u00e8res menstruations, c&rsquo;est-\u00e0-dire la premi\u00e8re fois o\u00f9 une personne menstru\u00e9e a ses r\u00e8gles. Nous constatons au travers d\u2019exp\u00e9riences de terrain que trop souvent les jeunes personnes menstru\u00e9es vivent leur m\u00e9narche avec tr\u00e8s peu et pour certaines aucune information concernant cette \u00e9tape essentielle de leur vie.<\/p>\n<p style=\"text-align: justify;\">Le manque d\u2019information, le silence et la honte de parler des menstruations renforcent le tabou autour des r\u00e8gles et les discriminations bas\u00e9es sur le genre. Cette situation peut devenir probl\u00e9matique lorsqu\u2019elle engendre un manque de confiance en soi, le d\u00e9crochage scolaire, la mise \u00e0 l\u2019\u00e9cart de la vie sociale ou un repli sur soi.<\/p>\n<p style=\"text-align: justify;\">R\u00e8gles de 3 est le fruit de plusieurs ann\u00e9es d\u2019\u00e9tudes, de rencontres et de collaborations avec des professionnels, des associations, des \u00e9coles et des centres de jeunesse. Ce programme \u00e9ducatif est le r\u00e9sultat de l\u2019exp\u00e9rience acquise sur le terrain par des projets pilotes men\u00e9s aupr\u00e8s des jeunes \u00e0 Bruxelles, en Wallonie et en Flandre.<\/p>\t\t\t\t\t\t\t\t<\/div>\n\t\t\t\t<\/div>\n\t\t\t\t\t<\/div>\n\t\t<\/div>\n\t\t\t\t\t<\/div>\n\t\t<\/section>\n\t\t\t\t<section class=\"elementor-section elementor-top-section elementor-element elementor-element-44672cc elementor-section-boxed elementor-section-height-default elementor-section-height-default\" data-id=\"44672cc\" data-element_type=\"section\" data-settings=\"{&quot;jet_parallax_layout_list&quot;:[]}\">\n\t\t\t\t\t\t<div class=\"elementor-container elementor-column-gap-default\">\n\t\t\t\t\t<div class=\"elementor-column elementor-col-100 elementor-top-column elementor-element elementor-element-b0d3e12\" data-id=\"b0d3e12\" data-element_type=\"column\">\n\t\t\t<div class=\"elementor-widget-wrap elementor-element-populated\">\n\t\t\t\t\t\t<div class=\"elementor-element elementor-element-9d9f30d elementor-widget elementor-widget-heading\" data-id=\"9d9f30d\" data-element_type=\"widget\" data-widget_type=\"heading.default\">\n\t\t\t\t<div class=\"elementor-widget-container\">\n\t\t\t\t\t<h2 class=\"elementor-heading-title elementor-size-default\">description<\/h2>\t\t\t\t<\/div>\n\t\t\t\t<\/div>\n\t\t\t\t<div class=\"elementor-element elementor-element-d891d7e elementor-widget elementor-widget-text-editor\" data-id=\"d891d7e\" data-element_type=\"widget\" data-widget_type=\"text-editor.default\">\n\t\t\t\t<div class=\"elementor-widget-container\">\n\t\t\t\t\t\t\t\t\t<p style=\"text-align: justify;\">R\u00e8gles de 3 est un programme \u00e9ducatif destin\u00e9 aux jeunes \u00e0 partir de 10 ans en milieu scolaire et parascolaire.<\/p><p style=\"text-align: justify;\">L&rsquo;objectif est de sensibiliser les jeunes \u00e0 la sant\u00e9, \u00e0 la s\u00e9curit\u00e9 et \u00e0 la pr\u00e9carit\u00e9 menstruelles et d\u00e9construire ensemble le tabou autour des r\u00e8gles.<\/p><p style=\"text-align: justify;\">R\u00e8gles de 3 ne s\u2019adresse pas seulement aux \u00e9coles mais \u00e9galement \u00e0 tous les milieux extrascolaires tels que les maisons de jeunes, les mouvements de jeunesse, les accueils en milieux ouverts (AMO), les centres et clubs sportifs et les \u00e9coles de devoir. Le programme est flexible et les sessions s\u2019adaptent \u00e0 diff\u00e9rents types d\u2019infrastructures.<\/p><p style=\"text-align: justify;\">R\u00e8gles de 3 s&rsquo;appuie sur diff\u00e9rents projets pilotes et fait appel \u00e0 des outils p\u00e9dagogiques adapt\u00e9s aux diff\u00e9rentes tranches d&rsquo;\u00e2ge.<\/p>\t\t\t\t\t\t\t\t<\/div>\n\t\t\t\t<\/div>\n\t\t\t\t\t<\/div>\n\t\t<\/div>\n\t\t\t\t\t<\/div>\n\t\t<\/section>\n\t\t\t\t<section class=\"elementor-section elementor-top-section elementor-element elementor-element-9b0808c elementor-section-boxed elementor-section-height-default elementor-section-height-default\" data-id=\"9b0808c\" data-element_type=\"section\" data-settings=\"{&quot;jet_parallax_layout_list&quot;:[]}\">\n\t\t\t\t\t\t<div class=\"elementor-container elementor-column-gap-default\">\n\t\t\t\t\t<div class=\"elementor-column elementor-col-100 elementor-top-column elementor-element elementor-element-3ec08c2\" data-id=\"3ec08c2\" data-element_type=\"column\">\n\t\t\t<div class=\"elementor-widget-wrap elementor-element-populated\">\n\t\t\t\t\t\t<div class=\"elementor-element elementor-element-a067de0 elementor-widget elementor-widget-heading\" data-id=\"a067de0\" data-element_type=\"widget\" data-widget_type=\"heading.default\">\n\t\t\t\t<div class=\"elementor-widget-container\">\n\t\t\t\t\t<h2 class=\"elementor-heading-title elementor-size-default\">m\u00e9thodologie<\/h2>\t\t\t\t<\/div>\n\t\t\t\t<\/div>\n\t\t\t\t<div class=\"elementor-element elementor-element-0970412 elementor-widget elementor-widget-text-editor\" data-id=\"0970412\" data-element_type=\"widget\" data-widget_type=\"text-editor.default\">\n\t\t\t\t<div class=\"elementor-widget-container\">\n\t\t\t\t\t\t\t\t\t<p style=\"text-align: justify;\">R\u00e8gles de 3 s&rsquo;articule autour d&rsquo;une combinaison de modules interactifs : \u00e9ducatif, situationnel, ludique et cr\u00e9atif.\u00a0Le module \u00e9ducatif est obligatoire.<\/p><p><span style=\"color: #000000;\">option 1 : Module \u00e9ducatif\u00a0 (50 min)<\/span><\/p><p><span style=\"color: #000000;\">option 2 : Module \u00e9ducatif + 1 autre module (1h40)<\/span><\/p><p><span style=\"color: #000000;\">option 3 : Module \u00e9ducatif + 2 autres modules (2h30)<\/span><span style=\"color: #000000;\"><br \/><\/span><\/p><p style=\"text-align: justify;\">Des produits menstruels sont distribu\u00e9s gratuitement aux jeunes \u00e0 la fin de chaque session de sensibilisation.<\/p>\t\t\t\t\t\t\t\t<\/div>\n\t\t\t\t<\/div>\n\t\t\t\t<div class=\"elementor-element elementor-element-0845d3d elementor-widget elementor-widget-heading\" data-id=\"0845d3d\" data-element_type=\"widget\" data-widget_type=\"heading.default\">\n\t\t\t\t<div class=\"elementor-widget-container\">\n\t\t\t\t\t<h2 class=\"elementor-heading-title elementor-size-default\">modules<\/h2>\t\t\t\t<\/div>\n\t\t\t\t<\/div>\n\t\t\t\t\t<\/div>\n\t\t<\/div>\n\t\t\t\t\t<\/div>\n\t\t<\/section>\n\t\t\t\t<section class=\"elementor-section elementor-top-section elementor-element elementor-element-c3dcf4d elementor-section-boxed elementor-section-height-default elementor-section-height-default\" data-id=\"c3dcf4d\" data-element_type=\"section\" data-settings=\"{&quot;jet_parallax_layout_list&quot;:[]}\">\n\t\t\t\t\t\t<div class=\"elementor-container elementor-column-gap-default\">\n\t\t\t\t\t<div class=\"elementor-column elementor-col-50 elementor-top-column elementor-element elementor-element-c4c0c3b\" data-id=\"c4c0c3b\" data-element_type=\"column\" data-settings=\"{&quot;background_background&quot;:&quot;classic&quot;}\">\n\t\t\t<div class=\"elementor-widget-wrap elementor-element-populated\">\n\t\t\t\t\t\t<div class=\"elementor-element elementor-element-c41e25d elementor-widget elementor-widget-icon-box\" data-id=\"c41e25d\" data-element_type=\"widget\" data-widget_type=\"icon-box.default\">\n\t\t\t\t<div class=\"elementor-widget-container\">\n\t\t\t\t\t\t\t<div class=\"elementor-icon-box-wrapper\">\n\n\t\t\t\n\t\t\t\t\t\t<div class=\"elementor-icon-box-content\">\n\n\t\t\t\t\t\t\t\t\t<h3 class=\"elementor-icon-box-title\">\n\t\t\t\t\t\t<span  >\n\t\t\t\t\t\t\t<h3><span style=\"color: #000000;\">module<\/span> <span style=\"color: #ffffff;\">\u00e9ducatif<\/span><\/h3>\t\t\t\t\t\t<\/span>\n\t\t\t\t\t<\/h3>\n\t\t\t\t\n\t\t\t\t\t\t\t\t\t<p class=\"elementor-icon-box-description\">\n\t\t\t\t\t\tApr\u00e8s une br\u00e8ve pr\u00e9sentation de BruZelle, le module \u00e9ducatif aborde les th\u00e8mes des r\u00e8gles, du cycle menstruel, de la sant\u00e9 et de l'hygi\u00e8ne menstruelles.\n<br>\n<br>\nCe module se base sur des outils p\u00e9dagogiques d\u00e9velopp\u00e9s sur mesure qui pr\u00e9sentent les sujets de mani\u00e8re simple et visuelle. Les jeunes ont ensuite l'opportunit\u00e9 de poser leurs questions en rapport avec les sujets pr\u00e9sent\u00e9s.\n\t\t\t\t\t<\/p>\n\t\t\t\t\n\t\t\t<\/div>\n\t\t\t\n\t\t<\/div>\n\t\t\t\t\t\t<\/div>\n\t\t\t\t<\/div>\n\t\t\t\t\t<\/div>\n\t\t<\/div>\n\t\t\t\t<div class=\"elementor-column elementor-col-50 elementor-top-column elementor-element elementor-element-15a83d5\" data-id=\"15a83d5\" data-element_type=\"column\" data-settings=\"{&quot;background_background&quot;:&quot;classic&quot;}\">\n\t\t\t<div class=\"elementor-widget-wrap elementor-element-populated\">\n\t\t\t\t\t\t<div class=\"elementor-element elementor-element-a887b3e elementor-widget elementor-widget-icon-box\" data-id=\"a887b3e\" data-element_type=\"widget\" data-widget_type=\"icon-box.default\">\n\t\t\t\t<div class=\"elementor-widget-container\">\n\t\t\t\t\t\t\t<div class=\"elementor-icon-box-wrapper\">\n\n\t\t\t\n\t\t\t\t\t\t<div class=\"elementor-icon-box-content\">\n\n\t\t\t\t\t\t\t\t\t<h3 class=\"elementor-icon-box-title\">\n\t\t\t\t\t\t<span  >\n\t\t\t\t\t\t\t<h3><span style=\"color: #ffffff;\">module<\/span> <span style=\"color: #000000;\">situationnel<\/span><\/h3>\t\t\t\t\t\t<\/span>\n\t\t\t\t\t<\/h3>\n\t\t\t\t\n\t\t\t\t\t\t\t\t\t<p class=\"elementor-icon-box-description\">\n\t\t\t\t\t\tLes mises en situation s'appuient sur des supports audio-visuels en lien avec les th\u00e9matiques de la s\u00e9curit\u00e9 et de la pr\u00e9carit\u00e9 menstruelles et du tabou autour des r\u00e8gles.\n<br>\n<br>\nLes jeunes sont invit\u00e9\u00b7e\u00b7s \u00e0 r\u00e9agir aux situations qui leurs sont propos\u00e9es et \u00e0 d\u00e9battre autour de celles-ci, ainsi que par rapport \u00e0 des situations similaires auxquelles iels auraient \u00e9t\u00e9 confront\u00e9\u00b7e\u00b7s.\t\t\t\t\t<\/p>\n\t\t\t\t\n\t\t\t<\/div>\n\t\t\t\n\t\t<\/div>\n\t\t\t\t\t\t<\/div>\n\t\t\t\t<\/div>\n\t\t\t\t\t<\/div>\n\t\t<\/div>\n\t\t\t\t\t<\/div>\n\t\t<\/section>\n\t\t\t\t<section class=\"elementor-section elementor-top-section elementor-element elementor-element-0ef6210 elementor-section-boxed elementor-section-height-default elementor-section-height-default\" data-id=\"0ef6210\" data-element_type=\"section\" data-settings=\"{&quot;jet_parallax_layout_list&quot;:[]}\">\n\t\t\t\t\t\t<div class=\"elementor-container elementor-column-gap-default\">\n\t\t\t\t\t<div class=\"elementor-column elementor-col-50 elementor-top-column elementor-element elementor-element-7bcb828\" data-id=\"7bcb828\" data-element_type=\"column\" data-settings=\"{&quot;background_background&quot;:&quot;classic&quot;}\">\n\t\t\t<div class=\"elementor-widget-wrap elementor-element-populated\">\n\t\t\t\t\t\t<div class=\"elementor-element elementor-element-670e46b elementor-widget elementor-widget-icon-box\" data-id=\"670e46b\" data-element_type=\"widget\" data-widget_type=\"icon-box.default\">\n\t\t\t\t<div class=\"elementor-widget-container\">\n\t\t\t\t\t\t\t<div class=\"elementor-icon-box-wrapper\">\n\n\t\t\t\n\t\t\t\t\t\t<div class=\"elementor-icon-box-content\">\n\n\t\t\t\t\t\t\t\t\t<h3 class=\"elementor-icon-box-title\">\n\t\t\t\t\t\t<span  >\n\t\t\t\t\t\t\t<h3><span style=\"color: #ffffff;\">module<\/span> <span style=\"color: #000000;\">ludique<\/span><\/h3>\t\t\t\t\t\t<\/span>\n\t\t\t\t\t<\/h3>\n\t\t\t\t\n\t\t\t\t\t\t\t\t\t<p class=\"elementor-icon-box-description\">\n\t\t\t\t\t\tLe jeu a pour objectif de placer les jeunes dans un \u00e9tat d\u2019esprit participatif et interactif. \n<br>\n<br>\nAu travers de jeux de r\u00f4le, de cartes, de plateau ou de questions\/r\u00e9ponses, les jeunes sont amen\u00e9\u00b7e\u00b7s \u00e0 d\u00e9couvrir activement un ensemble d\u2019informations et \u00e0 s\u2019interroger sur des faits, des raisonnements ou des chiffres afin de les aider \u00e0 d\u00e9construire les mythes et les tabous autour des r\u00e8gles.\t\t\t\t\t<\/p>\n\t\t\t\t\n\t\t\t<\/div>\n\t\t\t\n\t\t<\/div>\n\t\t\t\t\t\t<\/div>\n\t\t\t\t<\/div>\n\t\t\t\t\t<\/div>\n\t\t<\/div>\n\t\t\t\t<div class=\"elementor-column elementor-col-50 elementor-top-column elementor-element elementor-element-7bb4a34\" data-id=\"7bb4a34\" data-element_type=\"column\" data-settings=\"{&quot;background_background&quot;:&quot;classic&quot;}\">\n\t\t\t<div class=\"elementor-widget-wrap elementor-element-populated\">\n\t\t\t\t\t\t<div class=\"elementor-element elementor-element-447aa66 elementor-widget elementor-widget-icon-box\" data-id=\"447aa66\" data-element_type=\"widget\" data-widget_type=\"icon-box.default\">\n\t\t\t\t<div class=\"elementor-widget-container\">\n\t\t\t\t\t\t\t<div class=\"elementor-icon-box-wrapper\">\n\n\t\t\t\n\t\t\t\t\t\t<div class=\"elementor-icon-box-content\">\n\n\t\t\t\t\t\t\t\t\t<h3 class=\"elementor-icon-box-title\">\n\t\t\t\t\t\t<span  >\n\t\t\t\t\t\t\t<h3><span style=\"color: #000000;\">module<\/span> <span style=\"color: #ffffff;\">cr\u00e9atif<\/span><\/h3>\t\t\t\t\t\t<\/span>\n\t\t\t\t\t<\/h3>\n\t\t\t\t\n\t\t\t\t\t\t\t\t\t<p class=\"elementor-icon-box-description\">\n\t\t\t\t\t\tLes jeunes ont l'occasion d'exprimer leur vision des r\u00e8gles et leur ressenti durant la p\u00e9riode de menstruation. L'expression cr\u00e9ative permet de positiver les r\u00e8gles et le cycle menstruel sous forme de dessins, collages, textes ou dialogues.\n<br>\n<br>\nAvec leur accord, les cr\u00e9ations r\u00e9alis\u00e9es alimenteront l'exposition annuelle organis\u00e9e \u00e0 l\u2019occasion de la journ\u00e9e mondiale de l\u2019hygi\u00e8ne menstruelle.\t\t\t\t\t<\/p>\n\t\t\t\t\n\t\t\t<\/div>\n\t\t\t\n\t\t<\/div>\n\t\t\t\t\t\t<\/div>\n\t\t\t\t<\/div>\n\t\t\t\t\t<\/div>\n\t\t<\/div>\n\t\t\t\t\t<\/div>\n\t\t<\/section>\n\t\t\t\t<section class=\"elementor-section elementor-top-section elementor-element elementor-element-fca7902 elementor-section-boxed elementor-section-height-default elementor-section-height-default\" data-id=\"fca7902\" data-element_type=\"section\" data-settings=\"{&quot;jet_parallax_layout_list&quot;:[]}\">\n\t\t\t\t\t\t<div class=\"elementor-container elementor-column-gap-default\">\n\t\t\t\t\t<div class=\"elementor-column elementor-col-100 elementor-top-column elementor-element elementor-element-246d02d\" data-id=\"246d02d\" data-element_type=\"column\">\n\t\t\t<div class=\"elementor-widget-wrap elementor-element-populated\">\n\t\t\t\t\t\t<div class=\"elementor-element elementor-element-e947605 elementor-widget elementor-widget-spacer\" data-id=\"e947605\" data-element_type=\"widget\" data-widget_type=\"spacer.default\">\n\t\t\t\t<div class=\"elementor-widget-container\">\n\t\t\t\t\t\t\t<div class=\"elementor-spacer\">\n\t\t\t<div class=\"elementor-spacer-inner\"><\/div>\n\t\t<\/div>\n\t\t\t\t\t\t<\/div>\n\t\t\t\t<\/div>\n\t\t\t\t<div class=\"elementor-element elementor-element-940d76e elementor-widget elementor-widget-heading\" data-id=\"940d76e\" data-element_type=\"widget\" data-widget_type=\"heading.default\">\n\t\t\t\t<div class=\"elementor-widget-container\">\n\t\t\t\t\t<h2 class=\"elementor-heading-title elementor-size-default\">EVRAS<\/h2>\t\t\t\t<\/div>\n\t\t\t\t<\/div>\n\t\t\t\t\t<\/div>\n\t\t<\/div>\n\t\t\t\t\t<\/div>\n\t\t<\/section>\n\t\t\t\t<section class=\"elementor-section elementor-top-section elementor-element elementor-element-b851b8d elementor-section-boxed elementor-section-height-default elementor-section-height-default\" data-id=\"b851b8d\" data-element_type=\"section\" data-settings=\"{&quot;jet_parallax_layout_list&quot;:[]}\">\n\t\t\t\t\t\t<div class=\"elementor-container elementor-column-gap-default\">\n\t\t\t\t\t<div class=\"elementor-column elementor-col-100 elementor-top-column elementor-element elementor-element-f626b77\" data-id=\"f626b77\" data-element_type=\"column\">\n\t\t\t<div class=\"elementor-widget-wrap elementor-element-populated\">\n\t\t\t\t\t\t<div class=\"elementor-element elementor-element-f7a6837 elementor-widget elementor-widget-text-editor\" data-id=\"f7a6837\" data-element_type=\"widget\" data-widget_type=\"text-editor.default\">\n\t\t\t\t<div class=\"elementor-widget-container\">\n\t\t\t\t\t\t\t\t\t<p>BruZelle a obtenu le label&nbsp;<span style=\"text-align: justify;\">\u00ab&nbsp;<\/span><span style=\"text-align: justify; text-decoration-line: underline;\">EVRAS en jeunesse<\/span><span style=\"text-align: justify;\">&nbsp;\u00bb par la F\u00e9d\u00e9ration Wallonie-Bruxelles pour le programme \u00ab&nbsp;R\u00e8gles de 3&nbsp;\u00bb. Ce label reconna\u00eet l\u2019expertise de BruZelle dans les domaines de comp\u00e9tence qui sont abord\u00e9s dans ses programmes de sensibilisation et de d\u00e9construction du tabou autour des r\u00e8gles.<\/span><\/p>\t\t\t\t\t\t\t\t<\/div>\n\t\t\t\t<\/div>\n\t\t\t\t\t<\/div>\n\t\t<\/div>\n\t\t\t\t\t<\/div>\n\t\t<\/section>\n\t\t\t\t<section class=\"elementor-section elementor-top-section elementor-element elementor-element-5336dd1 elementor-section-boxed elementor-section-height-default elementor-section-height-default\" data-id=\"5336dd1\" data-element_type=\"section\" data-settings=\"{&quot;jet_parallax_layout_list&quot;:[]}\">\n\t\t\t\t\t\t<div class=\"elementor-container elementor-column-gap-default\">\n\t\t\t\t\t<div class=\"elementor-column elementor-col-100 elementor-top-column elementor-element elementor-element-1e2e019\" data-id=\"1e2e019\" data-element_type=\"column\">\n\t\t\t<div class=\"elementor-widget-wrap elementor-element-populated\">\n\t\t\t\t\t\t<div class=\"elementor-element elementor-element-e783d55 elementor-widget elementor-widget-heading\" data-id=\"e783d55\" data-element_type=\"widget\" data-widget_type=\"heading.default\">\n\t\t\t\t<div class=\"elementor-widget-container\">\n\t\t\t\t\t<h2 class=\"elementor-heading-title elementor-size-default\">contact<\/h2>\t\t\t\t<\/div>\n\t\t\t\t<\/div>\n\t\t\t\t\t<\/div>\n\t\t<\/div>\n\t\t\t\t\t<\/div>\n\t\t<\/section>\n\t\t\t\t<section class=\"elementor-section elementor-top-section elementor-element elementor-element-63e92598 elementor-section-boxed elementor-section-height-default elementor-section-height-default\" data-id=\"63e92598\" data-element_type=\"section\" data-settings=\"{&quot;jet_parallax_layout_list&quot;:[]}\">\n\t\t\t\t\t\t<div class=\"elementor-container elementor-column-gap-default\">\n\t\t\t\t\t<div class=\"elementor-column elementor-col-100 elementor-top-column elementor-element elementor-element-4dc6151a\" data-id=\"4dc6151a\" data-element_type=\"column\">\n\t\t\t<div class=\"elementor-widget-wrap elementor-element-populated\">\n\t\t\t\t\t\t<div class=\"elementor-element elementor-element-1850ee3 elementor-widget elementor-widget-text-editor\" data-id=\"1850ee3\" data-element_type=\"widget\" data-widget_type=\"text-editor.default\">\n\t\t\t\t<div class=\"elementor-widget-container\">\n\t\t\t\t\t\t\t\t\t<p style=\"text-align: justify;\">Si vous souhaitez un compl\u00e9ment d\u2019information ou prendre rendez-vous pour organiser des sessions de R\u00e8gles de 3, n\u2019h\u00e9sitez pas \u00e0 nous contacter.<\/p>\n<p style=\"text-align: justify;\">Email&nbsp;: <a href=\"mailto:reglesde3@bruzelle.be\">reglesde3@bruzelle.be<\/a><\/p>\n<p style=\"text-align: justify;\">T\u00e9lephone : Elisa Martin:&nbsp;<span style=\"text-align: center;\">+32 468 00 57 11<\/span><\/p>\t\t\t\t\t\t\t\t<\/div>\n\t\t\t\t<\/div>\n\t\t\t\t\t<\/div>\n\t\t<\/div>\n\t\t\t\t\t<\/div>\n\t\t<\/section>\n\t\t\t\t<\/div>\n\t\t","protected":false},"excerpt":{"rendered":"<p>Sensibilisation \u00e0 la sant\u00e9 et la s\u00e9curit\u00e9 menstruelles \u00a0 Brisons le tabou autour des r\u00e8gles aupr\u00e8s des jeunes \u2190 r\u00e8gles de 3 personnes encadrantes adultes constat La m\u00e9narche est la p\u00e9riode des premi\u00e8res menstruations, c&rsquo;est-\u00e0-dire la premi\u00e8re fois o\u00f9 une personne menstru\u00e9e a ses r\u00e8gles. Nous constatons au travers d\u2019exp\u00e9riences de terrain que trop souvent [&hellip;]<\/p>\n","protected":false},"author":1,"featured_media":0,"parent":9266,"menu_order":0,"comment_status":"closed","ping_status":"closed","template":"","meta":{"_acf_changed":false,"_exactmetrics_skip_tracking":false,"_exactmetrics_sitenote_active":false,"_exactmetrics_sitenote_note":"","_exactmetrics_sitenote_category":0,"footnotes":""},"class_list":["post-9288","page","type-page","status-publish","hentry"],"acf":[],"_links":{"self":[{"href":"https:\/\/www.bruzelle.be\/fr\/wp-json\/wp\/v2\/pages\/9288","targetHints":{"allow":["GET"]}}],"collection":[{"href":"https:\/\/www.bruzelle.be\/fr\/wp-json\/wp\/v2\/pages"}],"about":[{"href":"https:\/\/www.bruzelle.be\/fr\/wp-json\/wp\/v2\/types\/page"}],"author":[{"embeddable":true,"href":"https:\/\/www.bruzelle.be\/fr\/wp-json\/wp\/v2\/users\/1"}],"replies":[{"embeddable":true,"href":"https:\/\/www.bruzelle.be\/fr\/wp-json\/wp\/v2\/comments?post=9288"}],"version-history":[{"count":9,"href":"https:\/\/www.bruzelle.be\/fr\/wp-json\/wp\/v2\/pages\/9288\/revisions"}],"predecessor-version":[{"id":14143,"href":"https:\/\/www.bruzelle.be\/fr\/wp-json\/wp\/v2\/pages\/9288\/revisions\/14143"}],"up":[{"embeddable":true,"href":"https:\/\/www.bruzelle.be\/fr\/wp-json\/wp\/v2\/pages\/9266"}],"wp:attachment":[{"href":"https:\/\/www.bruzelle.be\/fr\/wp-json\/wp\/v2\/media?parent=9288"}],"curies":[{"name":"wp","href":"https:\/\/api.w.org\/{rel}","templated":true}]}}